{"id":626,"date":"2017-02-02T14:26:58","date_gmt":"2017-02-02T13:26:58","guid":{"rendered":"http:\/\/test.kriesi.at\/enfold-2017\/?page_id=626"},"modified":"2026-04-24T15:44:11","modified_gmt":"2026-04-24T13:44:11","slug":"chi-siamo","status":"publish","type":"page","link":"https:\/\/www.catenedaneve.com\/site\/chi-siamo\/","title":{"rendered":"Chi siamo"},"content":{"rendered":"<div id='av_section_1'  class='avia-section main_color avia-section-large avia-no-border-styling  avia-bg-style-scroll  avia-builder-el-0  el_before_av_section  avia-builder-el-first   container_wrap sidebar_right' style=' '  ><div class='container' ><main  role=\"main\" itemprop=\"mainContentOfPage\"  class='template-page content  av-content-small alpha units'><div class='post-entry post-entry-type-page post-entry-626'><div class='entry-content-wrapper clearfix'>\n<div  style='padding-bottom:20px; font-size:40px;' class='av-special-heading av-special-heading-h2  blockquote modern-quote  avia-builder-el-1  avia-builder-el-no-sibling  av-inherit-size '><h2 class='av-special-heading-tag '  itemprop=\"headline\"  >Chi siamo<\/h2><div class='special-heading-border'><div class='special-heading-inner-border' ><\/div><\/div><\/div>\n<div  style=' margin-top:10px; margin-bottom:10px;'  class='hr hr-custom hr-left hr-icon-no  '><span class='hr-inner  inner-border-av-border-fat' style=' width:50px; border-color:#000000;' ><span class='hr-inner-style'><\/span><\/span><\/div>\n<\/div><\/div><\/main><!-- close content main element --><\/div><\/div><div id='av_section_2'  class='avia-section main_color avia-section-large avia-no-border-styling  avia-bg-style-scroll  avia-builder-el-2  el_after_av_section  el_before_av_layout_row   container_wrap sidebar_right' style=' '  ><div class='container' ><div class='template-page content  av-content-small alpha units'><div class='post-entry post-entry-type-page post-entry-626'><div class='entry-content-wrapper clearfix'>\n<div class=\"flex_column av_one_half  flex_column_div av-zero-column-padding first  avia-builder-el-3  el_before_av_one_half  avia-builder-el-first  \" style='border-radius:0px; '><p><div  style='padding-bottom:0px; font-size:40px;' class='av-special-heading av-special-heading-h2  blockquote modern-quote  avia-builder-el-4  el_before_av_hr  avia-builder-el-first  av-inherit-size '><h2 class='av-special-heading-tag '  itemprop=\"headline\"  >Perch\u00e9 K2<\/h2><div class='special-heading-border'><div class='special-heading-inner-border' ><\/div><\/div><\/div><br \/>\n<div  style=' margin-top:10px; margin-bottom:10px;'  class='hr hr-custom hr-left hr-icon-no   avia-builder-el-5  el_after_av_heading  el_before_av_textblock '><span class='hr-inner  inner-border-av-border-fat' style=' width:50px; border-color:#000000;' ><span class='hr-inner-style'><\/span><\/span><\/div><br \/>\n<section class=\"av_textblock_section \"  itemscope=\"itemscope\" itemtype=\"https:\/\/schema.org\/CreativeWork\" ><div class='avia_textblock  '   itemprop=\"text\" ><p>Il K2, la seconda pi\u00f9 alta montagna del mondo, con i suoi 8,611 metri \u00e8 considerata la pi\u00f9 difficile cima oltre quota 8.000.<\/p>\n<p>Violata per la prima volta da Lino Lacedelli e Achille Compagnoni il 31 luglio 1954 con la spedizione italiana del Club Alpino Italiano, il K2 resta una montagna straordinaria, bellissima e difficile, la cui salita \u00e8 destinata solo ad alpinisti esperti e determinati.<\/p>\n<p>Condividere un nome cos\u00ec importante e impegnativo \u00e8 per noi un confronto continuo e uno stimolo a proiettarci sempre pi\u00f9 in alto: la soddisfazione dei nostri clienti \u00e8 la nostra sfida, che affrontiamo con lo stesso impegno, attenzione, seriet\u00e0 e professionalit\u00e0 di una scalata sulla pi\u00f9 difficile e pericolosa cima del mondo.<\/p>\n<\/div><\/section><\/p><\/div><div class=\"flex_column av_one_half  flex_column_div av-zero-column-padding   avia-builder-el-7  el_after_av_one_half  avia-builder-el-last  \" style='border-radius:0px; '><p><div  style='padding-bottom:0px; font-size:40px;' class='av-special-heading av-special-heading-h2  blockquote modern-quote  avia-builder-el-8  el_before_av_hr  avia-builder-el-first  av-inherit-size '><h2 class='av-special-heading-tag '  itemprop=\"headline\"  >La nostra storia<\/h2><div class='special-heading-border'><div class='special-heading-inner-border' ><\/div><\/div><\/div><br \/>\n<div  style=' margin-top:10px; margin-bottom:10px;'  class='hr hr-custom hr-left hr-icon-no   avia-builder-el-9  el_after_av_heading  el_before_av_textblock '><span class='hr-inner  inner-border-av-border-fat' style=' width:50px; border-color:#000000;' ><span class='hr-inner-style'><\/span><\/span><\/div><br \/>\n<section class=\"av_textblock_section \"  itemscope=\"itemscope\" itemtype=\"https:\/\/schema.org\/CreativeWork\" ><div class='avia_textblock  '   itemprop=\"text\" ><p>La nostra societ\u00e0 nasce nel 1979 grazie a un gruppo d\u2019imprenditori (tra cui i soci fondatori della stessa Konig) con la missione di diventare uno dei pi\u00f9 importanti centri di distribuzione di catene da neve.<br \/>\nOggi K2 \u00e8 una societ\u00e0 indipendente e negli anni la qualit\u00e0 del nostro servizio e l&#8217;assortimento di prodotti di marca come Thule, Konig, Spikes-Spider, G3, Peruzzo sempre disponibili nei nostri magazzini, sono stati la chiave del nostro successo.<br \/>\n Presso la K2 potrai trovare tutti i prodotti, dalle catene da neve per autovettura a quelle per autocarro o per mezzi speciali nonch\u00e9 i sistemi di portaggio della Thule e della G3 (box da tetto, barre portatutto, ecc.).<br \/>\nl nostro personale specializzato pu\u00f2 aiutarti nella scelta del prodotto pi\u00f9 adatto alle tue necessit\u00e0. Oltre alle catene da neve, K2 tratta anche accessori per moto e ciclo con un assortimento di antifurti tra i pi\u00f9 completi e affidabili sul mercato (inclusa la nuova linea MotoTubby).<\/p>\n<\/div><\/section><\/p><\/div><\/div><\/div><\/div><!-- close content main div --><\/div><\/div><div id='av-layout-grid-1'  class='av-layout-grid-container entry-content-wrapper main_color av-flex-cells   av-border-top-bottom  avia-builder-el-11  el_after_av_section  el_before_av_section  submenu-not-first container_wrap sidebar_right' style=' '  >\n<div class=\"flex_cell no_margin av_one_fourth  avia-builder-el-12  el_before_av_cell_one_fourth  avia-builder-el-first   \"  style='vertical-align:middle; padding:50px; ' ><div class='flex_cell_inner' ><div  class=\"avia-animated-number av-force-default-color  avia-color-  avia-builder-el-13  avia-builder-el-no-sibling  avia_animate_when_visible\"  data-timer=\"3000\"><strong class=\"heading avia-animated-number-title\" ><span class=\"avia-single-number __av-single-number\" data-number_format=\"\" data-number=\"4\" data-start_from=\"0\">4<\/span><span class=\"avia-no-number\"> Founder<\/span><\/strong><div class='avia-animated-number-content' ><p>Who try to create a new kind of business<\/p>\n<\/div><\/div>\n<\/div><\/div><div class=\"flex_cell no_margin av_one_fourth  avia-builder-el-14  el_after_av_cell_one_fourth  el_before_av_cell_one_fourth   \"  style='vertical-align:middle; padding:50px; background-color:#fbfbfb; ' ><div class='flex_cell_inner' ><div  class=\"avia-animated-number av-force-default-color  avia-color-  avia-builder-el-15  avia-builder-el-no-sibling  avia_animate_when_visible\"  data-timer=\"3000\"><strong class=\"heading avia-animated-number-title\" ><span class=\"avia-single-number __av-single-number\" data-number_format=\"\" data-number=\"32\" data-start_from=\"0\">32<\/span><span class=\"avia-no-number\"> Employess<\/span><\/strong><div class='avia-animated-number-content' ><p>Who cater to your every whim<\/p>\n<\/div><\/div>\n<\/div><\/div><div class=\"flex_cell no_margin av_one_fourth  avia-builder-el-16  el_after_av_cell_one_fourth  el_before_av_cell_one_fourth   \"  style='vertical-align:middle; padding:50px; background-color:#f8f8f8; ' ><div class='flex_cell_inner' ><div  class=\"avia-animated-number av-force-default-color  avia-color-  avia-builder-el-17  avia-builder-el-no-sibling  avia_animate_when_visible\"  data-timer=\"3000\"><strong class=\"heading avia-animated-number-title\" ><span class=\"avia-single-number __av-single-number\" data-number_format=\"\" data-number=\"24\" data-start_from=\"0\">24<\/span><span class=\"avia-no-number\">\/<\/span><span class=\"avia-single-number __av-single-number\" data-number_format=\"\" data-number=\"7\" data-start_from=\"0\">7<\/span><span class=\"avia-no-number\"> Support<\/span><\/strong><div class='avia-animated-number-content' ><p>You got any issues? Get in touch!<\/p>\n<\/div><\/div>\n<\/div><\/div><div class=\"flex_cell no_margin av_one_fourth  avia-builder-el-18  el_after_av_cell_one_fourth  avia-builder-el-last   \"  style='vertical-align:middle; padding:50px; background-color:#f1f1f1; ' ><div class='flex_cell_inner' ><div  class=\"avia-animated-number av-force-default-color  avia-color-  avia-builder-el-19  avia-builder-el-no-sibling  avia_animate_when_visible\"  data-timer=\"3000\"><strong class=\"heading avia-animated-number-title\" ><span class=\"avia-single-number __av-single-number\" data-number_format=\"\" data-number=\"723\" data-start_from=\"0\">723<\/span><span class=\"avia-no-number\"> Projects<\/span><\/strong><div class='avia-animated-number-content' ><p>We got the experience! Use it!<\/p>\n<\/div><\/div>\n<\/div><\/div>\n<\/div><\/p>\n<div id='av_section_3'  class='avia-section main_color avia-section-huge avia-no-border-styling  avia-full-stretch av-section-color-overlay-active avia-bg-style-fixed  avia-builder-el-20  el_after_av_layout_row  el_before_av_section   container_wrap sidebar_right' style='background-repeat: no-repeat; background-image: url(https:\/\/www.catenedaneve.com\/site\/wp-content\/uploads\/2015\/07\/business-office-work.jpg);background-attachment: fixed; background-position: center center;  '  data-section-bg-repeat='stretch'><div class='av-section-color-overlay-wrap'><div class='av-section-color-overlay' style='opacity: 0.9; background-color: #35383c; '><\/div><div class='container' ><div class='template-page content  av-content-small alpha units'><div class='post-entry post-entry-type-page post-entry-626'><div class='entry-content-wrapper clearfix'>\n<div class=\"flex_column av_one_fifth  flex_column_div av-zero-column-padding first  \" style='border-radius:0px; '><\/div><div class=\"flex_column av_three_fifth  flex_column_div av-zero-column-padding   \" style='border-radius:0px; '><p><div  style='padding-bottom:20px; color:#ffffff;font-size:40px;' class='av-special-heading av-special-heading-h2 custom-color-heading blockquote modern-quote modern-centered  av-thin-font av-inherit-size '><h2 class='av-special-heading-tag '  itemprop=\"headline\"  >l nostro impegno<strong>.<\/strong><\/h2><div class='special-heading-border'><div class='special-heading-inner-border' style='border-color:#ffffff'><\/div><\/div><\/div><br \/>\n<section class=\"av_textblock_section \"  itemscope=\"itemscope\" itemtype=\"https:\/\/schema.org\/CreativeWork\" ><div class='avia_textblock  av_inherit_color '  style='color:#ffffff; '  itemprop=\"text\" ><p style=\"text-align: center;\">\nIl nostro impegno non si ferma al nostro lavoro (ovvero ci sono cose pi\u00f9 importanti delle catene da neve e dei sistemi di portaggio). Perci\u00f2 abbiamo scelto di impegnarci per sostenere l&#8217;AIRC, l&#8217;Associazione Italiana per la Ricerca sul Cancro, contribuendo economicamente con il nostro lavoro alla ricerca oncologica in Italia. Ogni anno a Natale una percentuale del nostro fatturato \u00e8 devoluto all&#8217;AIRC. Per conoscere meglio l\u2019attivit\u00e0 dell&#8217;Airc, l&#8217;associazione ha realizzato uno spot con Valeria Golino che t\u2019invitiamo a vedere. Stai con noi, aiuta anche tu la ricerca.<\/p>\n<\/div><\/section><\/p><\/div><div class=\"flex_column av_one_fifth  flex_column_div av-zero-column-padding   \" style='border-radius:0px; '><\/div><\/div><\/div><\/div><!-- close content main div --><\/div><\/div><\/div><div id='av_section_4'  class='avia-section main_color avia-section-large avia-no-border-styling  avia-bg-style-scroll   av-arrow-down-section container_wrap sidebar_right' style=' '  ><div class='container' ><div class='template-page content  av-content-small alpha units'><div class='post-entry post-entry-type-page post-entry-626'><div class='entry-content-wrapper clearfix'>\n<div class='flex_column_table av-equal-height-column-flextable -flextable' ><div class=\"flex_column av_one_half  flex_column_table_cell av-equal-height-column av-align-middle av-zero-column-padding first  avia-builder-el-21  el_before_av_one_half  avia-builder-el-first  \" style='border-radius:0px; '><p><div  style='padding-bottom:0px; font-size:40px;' class='av-special-heading av-special-heading-h2  blockquote modern-quote  avia-builder-el-22  el_before_av_hr  avia-builder-el-first  av-inherit-size '><h2 class='av-special-heading-tag '  itemprop=\"headline\"  >La nostra esperienza<\/h2><div class='special-heading-border'><div class='special-heading-inner-border' ><\/div><\/div><\/div><br \/>\n<div  style=' margin-top:10px; margin-bottom:10px;'  class='hr hr-custom hr-left hr-icon-no   avia-builder-el-23  el_after_av_heading  el_before_av_textblock '><span class='hr-inner  inner-border-av-border-fat' style=' width:50px; border-color:#000000;' ><span class='hr-inner-style'><\/span><\/span><\/div><br \/>\n<section class=\"av_textblock_section \"  itemscope=\"itemscope\" itemtype=\"https:\/\/schema.org\/CreativeWork\" ><div class='avia_textblock  '   itemprop=\"text\" ><p>Se cerchi catene da neve sei arrivato nel posto giusto.<br \/>\nDal 1979 noi le vendiamo a chi come te cerca la sicureza di un prodotto affidabile e garantito.<br \/>\nAbbiamo fatto un breve calcolo di quante catene abbiamo venduto nel corso della nostra storia e siamo arrivati a oltre due milioni.<br \/>\n Se le mettiamo una sopra l\u2019altra, forse raggiungiamo l\u2019altezza della montagna del cui nome di fregiamo.<br \/>\nNon vendiamo solo catene da neve, ma anche tanti altri prodotti per chi come te vuole vivere l\u2019avventura ,attrezzando il proprio veicolo con i migliori accessori in circolazione. Mettici alla prova.<\/p>\n<\/div><\/section><\/p><\/div><div class='av-flex-placeholder'><\/div><div class=\"flex_column av_one_half  flex_column_table_cell av-equal-height-column av-align-middle av-zero-column-padding   avia-builder-el-25  el_after_av_one_half  avia-builder-el-last  \" style='border-radius:0px; '><div  class='avia-progress-bar-container  avia_animate_when_almost_visible  avia-builder-el-26  avia-builder-el-no-sibling  av-flat-bar av-animated-bar av-small-bar'><div class='avia-progress-bar theme-color-bar icon-bar-no'><div class='progressbar-title-wrap'><div class='progressbar-icon'><span class='progressbar-char' aria-hidden='true' data-av_icon='\ue856' data-av_iconfont='entypo-fontello'><\/span><\/div><div class='progressbar-title'>Esperienza<\/div><\/div><div class='progressbar-percent' data-timer='2200'><span class='av-bar-counter __av-single-number' data-number='100'>0<\/span>%<\/div><div class='progress' style='height:10px;'><div class='bar-outer'><div class='bar' style='width: 100%' data-progress='100'><\/div><\/div><\/div><\/div><div class='avia-progress-bar theme-color-bar icon-bar-no'><div class='progressbar-title-wrap'><div class='progressbar-icon'><span class='progressbar-char' aria-hidden='true' data-av_icon='\ue856' data-av_iconfont='entypo-fontello'><\/span><\/div><div class='progressbar-title'>Professionalit\u00e0<\/div><\/div><div class='progressbar-percent' data-timer='2200'><span class='av-bar-counter __av-single-number' data-number='100'>0<\/span>%<\/div><div class='progress' style='height:10px;'><div class='bar-outer'><div class='bar' style='width: 100%' data-progress='100'><\/div><\/div><\/div><\/div><div class='avia-progress-bar theme-color-bar icon-bar-no'><div class='progressbar-title-wrap'><div class='progressbar-icon'><span class='progressbar-char' aria-hidden='true' data-av_icon='\ue856' data-av_iconfont='entypo-fontello'><\/span><\/div><div class='progressbar-title'>Convenienza<\/div><\/div><div class='progressbar-percent' data-timer='2200'><span class='av-bar-counter __av-single-number' data-number='90'>0<\/span>%<\/div><div class='progress' style='height:10px;'><div class='bar-outer'><div class='bar' style='width: 90%' data-progress='90'><\/div><\/div><\/div><\/div><div class='avia-progress-bar theme-color-bar icon-bar-no'><div class='progressbar-title-wrap'><div class='progressbar-icon'><span class='progressbar-char' aria-hidden='true' data-av_icon='\ue856' data-av_iconfont='entypo-fontello'><\/span><\/div><div class='progressbar-title'>Assistenza<\/div><\/div><div class='progressbar-percent' data-timer='2200'><span class='av-bar-counter __av-single-number' data-number='70'>0<\/span>%<\/div><div class='progress' style='height:10px;'><div class='bar-outer'><div class='bar' style='width: 70%' data-progress='70'><\/div><\/div><\/div><\/div><\/div><\/div><\/div><!--close column table wrapper. Autoclose: 1 --><\/div><\/div><\/div><!-- close content main div --><\/div><div class='av-extra-border-element border-extra-arrow-down'><div class='av-extra-border-outer'><div class='av-extra-border-inner'  style='background-color:#ffffff;' ><\/div><\/div><\/div><\/div><div id='after_section_4'  class='main_color av_default_container_wrap container_wrap sidebar_right' style=' '  ><div class='container' ><div class='template-page content  av-content-small alpha units'><div class='post-entry post-entry-type-page post-entry-626'><div class='entry-content-wrapper clearfix'><\/p>\n","protected":false},"excerpt":{"rendered":"","protected":false},"author":1,"featured_media":0,"parent":0,"menu_order":0,"comment_status":"closed","ping_status":"closed","template":"","meta":{"_exactmetrics_skip_tracking":false,"_exactmetrics_sitenote_active":false,"_exactmetrics_sitenote_note":"","_exactmetrics_sitenote_category":0},"yoast_head":"<!-- This site is optimized with the Yoast SEO plugin v16.3 - https:\/\/yoast.com\/wordpress\/plugins\/seo\/ -->\n<title>Chi siamo | Centro Catene neve Konig | Vendita e assistenza<\/title>\n<meta name=\"description\" content=\"Chia siamo? Un centro di vendita di catene da neve Konig, Spikes Spider e di accessori per auto con i marchi G3, Peruzzo e Thule.\" \/>\n<meta name=\"robots\" content=\"index, follow, max-snippet:-1, max-image-preview:large, max-video-preview:-1\" \/>\n<link rel=\"canonical\" href=\"https:\/\/www.catenedaneve.com\/site\/chi-siamo\/\" \/>\n<meta property=\"og:locale\" content=\"it_IT\" \/>\n<meta property=\"og:type\" content=\"article\" \/>\n<meta property=\"og:title\" content=\"Chi siamo | Centro Catene neve Konig | Vendita e assistenza\" \/>\n<meta property=\"og:description\" content=\"Chia siamo? Un centro di vendita di catene da neve Konig, Spikes Spider e di accessori per auto con i marchi G3, Peruzzo e Thule.\" \/>\n<meta property=\"og:url\" content=\"https:\/\/www.catenedaneve.com\/site\/chi-siamo\/\" \/>\n<meta property=\"og:site_name\" content=\"K2 Centro Catene da neve K\u00f6nig\" \/>\n<meta property=\"article:publisher\" content=\"https:\/\/www.facebook.com\/centrocateneneve\/\" \/>\n<meta property=\"article:modified_time\" content=\"2026-04-24T13:44:11+00:00\" \/>\n<meta name=\"twitter:card\" content=\"summary_large_image\" \/>\n<meta name=\"twitter:site\" content=\"@neveforeveramen\" \/>\n<meta name=\"twitter:label1\" content=\"Tempo di lettura stimato\">\n\t<meta name=\"twitter:data1\" content=\"5 minuti\">\n<script type=\"application\/ld+json\" class=\"yoast-schema-graph\">{\"@context\":\"https:\/\/schema.org\",\"@graph\":[{\"@type\":\"Organization\",\"@id\":\"https:\/\/www.catenedaneve.com\/site\/#organization\",\"name\":\"K2 SRL\",\"url\":\"https:\/\/www.catenedaneve.com\/site\/\",\"sameAs\":[\"https:\/\/www.facebook.com\/centrocateneneve\/\",\"https:\/\/www.youtube.com\/user\/K2CentroCateneNeve\",\"https:\/\/twitter.com\/neveforeveramen\"],\"logo\":{\"@type\":\"ImageObject\",\"@id\":\"https:\/\/www.catenedaneve.com\/site\/#logo\",\"inLanguage\":\"it-IT\",\"url\":\"https:\/\/www.catenedaneve.com\/site\/wp-content\/uploads\/2019\/11\/k2_logo_medium.jpg\",\"contentUrl\":\"https:\/\/www.catenedaneve.com\/site\/wp-content\/uploads\/2019\/11\/k2_logo_medium.jpg\",\"width\":193,\"height\":140,\"caption\":\"K2 SRL\"},\"image\":{\"@id\":\"https:\/\/www.catenedaneve.com\/site\/#logo\"}},{\"@type\":\"WebSite\",\"@id\":\"https:\/\/www.catenedaneve.com\/site\/#website\",\"url\":\"https:\/\/www.catenedaneve.com\/site\/\",\"name\":\"Catene da neve Konig\",\"description\":\"catene da neve\",\"publisher\":{\"@id\":\"https:\/\/www.catenedaneve.com\/site\/#organization\"},\"potentialAction\":[{\"@type\":\"SearchAction\",\"target\":\"https:\/\/www.catenedaneve.com\/site\/?s={search_term_string}\",\"query-input\":\"required name=search_term_string\"}],\"inLanguage\":\"it-IT\"},{\"@type\":\"WebPage\",\"@id\":\"https:\/\/www.catenedaneve.com\/site\/chi-siamo\/#webpage\",\"url\":\"https:\/\/www.catenedaneve.com\/site\/chi-siamo\/\",\"name\":\"Chi siamo | Centro Catene neve Konig | Vendita e assistenza\",\"isPartOf\":{\"@id\":\"https:\/\/www.catenedaneve.com\/site\/#website\"},\"datePublished\":\"2017-02-02T13:26:58+00:00\",\"dateModified\":\"2026-04-24T13:44:11+00:00\",\"description\":\"Chia siamo? Un centro di vendita di catene da neve Konig, Spikes Spider e di accessori per auto con i marchi G3, Peruzzo e Thule.\",\"breadcrumb\":{\"@id\":\"https:\/\/www.catenedaneve.com\/site\/chi-siamo\/#breadcrumb\"},\"inLanguage\":\"it-IT\",\"potentialAction\":[{\"@type\":\"ReadAction\",\"target\":[\"https:\/\/www.catenedaneve.com\/site\/chi-siamo\/\"]}]},{\"@type\":\"BreadcrumbList\",\"@id\":\"https:\/\/www.catenedaneve.com\/site\/chi-siamo\/#breadcrumb\",\"itemListElement\":[{\"@type\":\"ListItem\",\"position\":1,\"item\":{\"@type\":\"WebPage\",\"@id\":\"https:\/\/www.catenedaneve.com\/site\/\",\"url\":\"https:\/\/www.catenedaneve.com\/site\/\",\"name\":\"Home\"}},{\"@type\":\"ListItem\",\"position\":2,\"item\":{\"@id\":\"https:\/\/www.catenedaneve.com\/site\/chi-siamo\/#webpage\"}}]}]}<\/script>\n<!-- \/ Yoast SEO plugin. -->","_links":{"self":[{"href":"https:\/\/www.catenedaneve.com\/site\/wp-json\/wp\/v2\/pages\/626"}],"collection":[{"href":"https:\/\/www.catenedaneve.com\/site\/wp-json\/wp\/v2\/pages"}],"about":[{"href":"https:\/\/www.catenedaneve.com\/site\/wp-json\/wp\/v2\/types\/page"}],"author":[{"embeddable":true,"href":"https:\/\/www.catenedaneve.com\/site\/wp-json\/wp\/v2\/users\/1"}],"replies":[{"embeddable":true,"href":"https:\/\/www.catenedaneve.com\/site\/wp-json\/wp\/v2\/comments?post=626"}],"version-history":[{"count":6,"href":"https:\/\/www.catenedaneve.com\/site\/wp-json\/wp\/v2\/pages\/626\/revisions"}],"predecessor-version":[{"id":7371,"href":"https:\/\/www.catenedaneve.com\/site\/wp-json\/wp\/v2\/pages\/626\/revisions\/7371"}],"wp:attachment":[{"href":"https:\/\/www.catenedaneve.com\/site\/wp-json\/wp\/v2\/media?parent=626"}],"curies":[{"name":"wp","href":"https:\/\/api.w.org\/{rel}","templated":true}]}}